{"id":194,"date":"2026-01-31T21:20:44","date_gmt":"2026-01-31T20:20:44","guid":{"rendered":"https:\/\/immocom.de\/meet\/?page_id=194"},"modified":"2026-04-28T11:33:56","modified_gmt":"2026-04-28T09:33:56","slug":"meet-programm","status":"publish","type":"page","link":"https:\/\/immocom.de\/meet\/meet\/meet-programm\/","title":{"rendered":"REM Programm"},"content":{"rendered":"\t\t<div data-elementor-type=\"wp-page\" data-elementor-id=\"194\" class=\"elementor elementor-194\">\n\t\t\t\t<div class=\"elementor-element elementor-element-cc402d3 e-flex e-con-boxed e-con e-parent\" data-id=\"cc402d3\" data-element_type=\"container\" data-e-type=\"container\">\n\t\t\t\t\t<div class=\"e-con-inner\">\n\t\t\t\t<div class=\"elementor-element elementor-element-b0dc0a9 elementor-widget elementor-widget-text-editor\" data-id=\"b0dc0a9\" data-element_type=\"widget\" data-e-type=\"widget\" data-widget_type=\"text-editor.default\">\n\t\t\t\t\t\t\t\t\t<div>\n<h1><b>Real Estate<br>Mitteldeutschland<\/b><\/h1>\n<\/div>\n<p>By IMMOCOM<\/p>\n<div>16.06.2026 | Einlass 08:15 Uhr | Beginn 09:00 Uhr |&nbsp;<span data-olk-copy-source=\"MessageBody\">Kunstkraftwerk Leipzig<\/span><\/div>\t\t\t\t\t\t\t\t<\/div>\n\t\t\t\t<div class=\"elementor-element elementor-element-89243ce elementor-widget elementor-widget-heading\" data-id=\"89243ce\" data-element_type=\"widget\" data-e-type=\"widget\" data-widget_type=\"heading.default\">\n\t\t\t\t\t<h2 class=\"elementor-heading-title elementor-size-default\">Program<\/h2>\t\t\t\t<\/div>\n\t\t\t\t\t<\/div>\n\t\t\t\t<\/div>\n\t\t<div class=\"elementor-element elementor-element-31bf33c e-flex e-con-boxed e-con e-parent\" data-id=\"31bf33c\" data-element_type=\"container\" data-e-type=\"container\">\n\t\t\t\t\t<div class=\"e-con-inner\">\n\t\t\t\t<div class=\"elementor-element elementor-element-4bf7692 elementor-widget elementor-widget-text-editor\" data-id=\"4bf7692\" data-element_type=\"widget\" data-e-type=\"widget\" data-widget_type=\"text-editor.default\">\n\t\t\t\t\t\t\t\t\t<p><b>08:15<\/b><strong>\u00a0bis 09:00 Uhr &#8211; Einlass\u00a0<\/strong><\/p><p><strong>09:00 bis 10:00 Uhr &#8211; Auftakt<\/strong><\/p><p><u>Gru\u00dfwort:<br \/><\/u><b>Ingo Seidemann<\/b>, Stellvertretender Vorsitz BFW Landesverband Mitteldeutschland e.V.<br \/><u>Podium:<\/u><br \/><b>Stephan Jung<\/b>, Experte f\u00fcr Innovation, Disruption &amp; Megatrends, Unternehmer &amp; Dozent<br \/><span style=\"font-size: 16px;\">Weitere Teilnehmer werden zeitnah ver\u00f6ffentlicht.<\/span><\/p><p><b>10:00 bis 11:00 Uhr\u00a0<\/b><br \/><b>&#8222;Finanzierung, Standort, Regulierung &#8211; wohin steuert die Branche? Drei L\u00e4nder, ein Immobilienmarkt&#8220;<\/b><\/p><p><u>Podium:<\/u><br \/><b>Lars Bredemeier<\/b>, Beigeordneter f\u00fcr Stadtentwicklung, Kultur und Welterbe Erfurt<br \/><span style=\"font-size: 16px;\">Weitere Teilnehmer werden zeitnah ver\u00f6ffentlicht.<\/span><\/p><p>11:00 bis 12:00 &#8211; Pause<br \/>Kommunikation und Networking<\/p>\t\t\t\t\t\t\t\t<\/div>\n\t\t\t\t\t<\/div>\n\t\t\t\t<\/div>\n\t\t<div class=\"elementor-element elementor-element-e820069 e-flex e-con-boxed e-con e-parent\" data-id=\"e820069\" data-element_type=\"container\" data-e-type=\"container\">\n\t\t\t\t\t<div class=\"e-con-inner\">\n\t\t<div class=\"elementor-element elementor-element-684aa9b e-con-full e-flex e-con e-child\" data-id=\"684aa9b\" data-element_type=\"container\" data-e-type=\"container\">\n\t\t\t\t<div class=\"elementor-element elementor-element-2547a58 elementor-widget elementor-widget-text-editor\" data-id=\"2547a58\" data-element_type=\"widget\" data-e-type=\"widget\" data-widget_type=\"text-editor.default\">\n\t\t\t\t\t\t\t\t\t<p><b>Programm A<\/b><\/p><p><b>12:00 bis 13:00 Uhr\u00a0<\/b><br \/><b>&#8222;Bauturbo im Neubau, Stillstand im Bestand: Biegt die Wohnungsdebatte falsch ab?&#8220;<\/b><\/p><p><u>Podium:<\/u><b>\u00a0<\/b><br \/><b>Saidah Bojens<\/b>, Niederlassungsleiterin Berlin &amp; Sachsen Instone Real Estate<br \/><span style=\"font-size: 16px;\">Weitere Teilnehmer werden zeitnah bekannt gegeben.<\/span><\/p><p>13:00 bis 14:00 Uhr &#8211; Pause<br \/>Kommunikation und Networking<\/p><p><b>14:00 bis 14:45 Uhr<\/b><br \/>&#8222;<b>Starke Wirtschaft, starke Standorte: Perspektiven<\/b> <b>f\u00fcr Gewerbe und Logistik&#8220;<\/b><\/p><p><u>Podium:<\/u><b>\u00a0<\/b><br \/><b>Carl Jobst Junicke<\/b>, Gesch\u00e4ftsf\u00fchrung JUNiCKE Gruppe<br \/><b>Daniel Sehnert<\/b>, Senior Team Leader Industrial &amp; Logistics Agency JLL<br \/><span style=\"font-size: 16px;\">Weitere Teilnehmer werden zeitnah ver\u00f6ffentlicht.<\/span><\/p><p>14:45 bis 15:30 Uhr &#8211; Pause<br \/>Kommunikation &amp; Networking<\/p><p><b>15:30 bis 16:30 Uhr\u00a0<\/b><br \/><b>&#8222;Finanzierung &#8211; Sanieren oder Warten? Sanieren, Stranden, Skalieren? Strategien f\u00fcr das neue Wohnen&#8220;\u00a0<\/b><\/p><p><u>Podium:<\/u><br \/><span style=\"font-weight: bold;\">Stephan Meyer<\/span>, Gesch\u00e4ftsf\u00fchrung Ebm Financial<b><\/b><br \/><b>J\u00f6rg Milker<\/b>, Regionaldirektor Gewerbliche Immobilien Stadt- und Kreissparkasse Leipzig<br \/><span style=\"font-size: 16px;\">Weitere Teilnehmer werden zeitnah ver\u00f6ffentlicht.<\/span><\/p>\t\t\t\t\t\t\t\t<\/div>\n\t\t\t\t<\/div>\n\t\t<div class=\"elementor-element elementor-element-4a47388 e-con-full e-flex e-con e-child\" data-id=\"4a47388\" data-element_type=\"container\" data-e-type=\"container\">\n\t\t\t\t<div class=\"elementor-element elementor-element-7b4a949 elementor-widget elementor-widget-text-editor\" data-id=\"7b4a949\" data-element_type=\"widget\" data-e-type=\"widget\" data-widget_type=\"text-editor.default\">\n\t\t\t\t\t\t\t\t\t<p><b>Programm B<\/b><\/p><p><span style=\"font-weight: bold;\">12:00 bis 13:00 Uhr\u00a0<\/span><br \/><span style=\"font-weight: bold;\">&#8222;Ideen f\u00fcr die Zukunft: Facility Management, Mobilit\u00e4t, Energie und Baustoffe&#8220;<\/span><\/p><p><u>Podium:<\/u><span style=\"font-weight: bold;\">\u00a0<\/span><br \/><b>Dr. Torsten B\u00e4hr<\/b>, Regionalleitung Leipzig teilAuto &amp; cityflitzer<br \/><span style=\"font-weight: bold;\">Thomas Braun<\/span>, Gesch\u00e4ftsf\u00fchrer Geiger FM Dienstleistungsgruppe Holding GmbH<br \/><span style=\"font-weight: bold;\">Martin Rammensee<\/span>, Business Development Manager APCOA<br \/><b>Falk Zeuner<\/b>, VEE Sachsen e.V.<br \/><span style=\"font-size: 16px;\">Weitere Teilnehmer werden zeitnah bekannt gegeben.<\/span><\/p><p>13:00 bis 14:00 Uhr &#8211; Pause<br \/>Kommunikation und Networking<\/p><p><span style=\"font-weight: bold;\">14:00 bis 14:45 Uhr<\/span><br \/><b>Projektvorstellungen<\/b><\/p><p><strong>Andre Heinrich<\/strong>, L\u00fcbke &amp; Kelber<br \/><span style=\"font-weight: bold;\">Anja Schuhmann<\/span>, Niederlassungsleitung Berlin &amp; Leipzig JLL<br \/><b>Jenny Stemmler<\/b>, Leitende Gesch\u00e4ftsf\u00fchrerin Lidl Immobilien<br \/><span style=\"font-size: 16px;\">Weitere Teilnehmer werden zeitnah ver\u00f6ffentlicht.<\/span><\/p><p>14:45 bis 15:30 Uhr &#8211; Pause<br \/>Kommunikation &amp; Networking<\/p><p><span style=\"font-weight: bold;\">15:30 bis 16:30 Uhr\u00a0<\/span><br \/><span style=\"font-weight: bold;\">&#8222;Milit\u00e4rstandorte, Infrastruktur und die neue strategische Raumordnung\u00a0<\/span><\/p><p><u>Podium:<\/u><br \/><b>Christoph Bannert<\/b>, Leiter Social Infrastructure Mitteldeutschland Drees &amp; Sommer<br \/><b>Markus Kurczyk<\/b>, Vorstand Mitteldeutsches Institut f\u00fcr Sicherheitsindustrie<br \/><span style=\"font-size: 16px;\">Weitere Teilnehmer werden zeitnah ver\u00f6ffentlicht.<\/span><\/p>\t\t\t\t\t\t\t\t<\/div>\n\t\t\t\t<\/div>\n\t\t\t\t\t<\/div>\n\t\t\t\t<\/div>\n\t\t<div class=\"elementor-element elementor-element-bb5eb45 e-flex e-con-boxed e-con e-parent\" data-id=\"bb5eb45\" data-element_type=\"container\" data-e-type=\"container\">\n\t\t\t\t\t<div class=\"e-con-inner\">\n\t\t\t\t<div class=\"elementor-element elementor-element-3f09d02 elementor-widget elementor-widget-text-editor\" data-id=\"3f09d02\" data-element_type=\"widget\" data-e-type=\"widget\" data-widget_type=\"text-editor.default\">\n\t\t\t\t\t\t\t\t\t<p><strong>\u00a0<\/strong>16:30 bis 17:00 &#8211; Pause<br \/>Kommunikation und Networking<\/p><p><strong>17:00 bis 17:30 Uhr\u00a0<\/strong><br \/><strong>Projektvorstellungen<\/strong><\/p><p><b>Christiane L\u00fctgert<\/b>, amtierende Fachbereichsleiterin FB Stadtentwicklung und Planung der Stadt Halle (Saale)<br \/><b>Silvana Bergk<\/b>, Wirtschaftsf\u00f6rderung Chemnitz<br \/><b>Stefan Frohnsdorf<\/b>, SFK Architekten<\/p><p>\u00a0<\/p>\t\t\t\t\t\t\t\t<\/div>\n\t\t\t\t\t<\/div>\n\t\t\t\t<\/div>\n\t\t<div class=\"elementor-element elementor-element-29e54ac e-flex e-con-boxed e-con e-parent\" data-id=\"29e54ac\" data-element_type=\"container\" data-e-type=\"container\" data-settings=\"{&quot;background_background&quot;:&quot;classic&quot;}\">\n\t\t\t\t\t<div class=\"e-con-inner\">\n\t\t<div class=\"elementor-element elementor-element-a5c1399 e-con-full e-flex e-con e-child\" data-id=\"a5c1399\" data-element_type=\"container\" data-e-type=\"container\">\n\t\t<div class=\"elementor-element elementor-element-6343420 e-con-full e-flex e-con e-child\" data-id=\"6343420\" data-element_type=\"container\" data-e-type=\"container\" data-settings=\"{&quot;background_background&quot;:&quot;classic&quot;}\">\n\t\t\t\t<div class=\"elementor-element elementor-element-b9910f5 elementor-view-default elementor-widget elementor-widget-icon\" data-id=\"b9910f5\" data-element_type=\"widget\" data-e-type=\"widget\" data-widget_type=\"icon.default\">\n\t\t\t\t\t\t\t<div class=\"elementor-icon-wrapper\">\n\t\t\t<div class=\"elementor-icon\">\n\t\t\t<svg aria-hidden=\"true\" class=\"e-font-icon-svg e-fas-hands-helping\" viewBox=\"0 0 640 512\" xmlns=\"http:\/\/www.w3.org\/2000\/svg\"><path d=\"M488 192H336v56c0 39.7-32.3 72-72 72s-72-32.3-72-72V126.4l-64.9 39C107.8 176.9 96 197.8 96 220.2v47.3l-80 46.2C.7 322.5-4.6 342.1 4.3 357.4l80 138.6c8.8 15.3 28.4 20.5 43.7 11.7L231.4 448H368c35.3 0 64-28.7 64-64h16c17.7 0 32-14.3 32-32v-64h8c13.3 0 24-10.7 24-24v-48c0-13.3-10.7-24-24-24zm147.7-37.4L555.7 16C546.9.7 527.3-4.5 512 4.3L408.6 64H306.4c-12 0-23.7 3.4-33.9 9.7L239 94.6c-9.4 5.8-15 16.1-15 27.1V248c0 22.1 17.9 40 40 40s40-17.9 40-40v-88h184c30.9 0 56 25.1 56 56v28.5l80-46.2c15.3-8.9 20.5-28.4 11.7-43.7z\"><\/path><\/svg>\t\t\t<\/div>\n\t\t<\/div>\n\t\t\t\t\t\t<\/div>\n\t\t\t\t<div class=\"elementor-element elementor-element-7bc3098 elementor-align-center elementor-widget elementor-widget-button\" data-id=\"7bc3098\" data-element_type=\"widget\" data-e-type=\"widget\" data-widget_type=\"button.default\">\n\t\t\t\t\t\t\t\t\t\t<a class=\"elementor-button elementor-button-link elementor-size-sm\" href=\"https:\/\/www.immocom.com\/wp-content\/uploads\/2025\/04\/Formular_Sponsoringpakete.pdf\" target=\"_blank\">\n\t\t\t\t\t\t<span class=\"elementor-button-content-wrapper\">\n\t\t\t\t\t\t\t\t\t<span class=\"elementor-button-text\">Partner werden<\/span>\n\t\t\t\t\t<\/span>\n\t\t\t\t\t<\/a>\n\t\t\t\t\t\t\t\t<\/div>\n\t\t\t\t<\/div>\n\t\t<div class=\"elementor-element elementor-element-748ae89 e-con-full e-flex e-con e-child\" data-id=\"748ae89\" data-element_type=\"container\" data-e-type=\"container\" data-settings=\"{&quot;background_background&quot;:&quot;classic&quot;}\">\n\t\t\t\t<div class=\"elementor-element elementor-element-0676dbf elementor-view-default elementor-widget elementor-widget-icon\" data-id=\"0676dbf\" data-element_type=\"widget\" data-e-type=\"widget\" data-widget_type=\"icon.default\">\n\t\t\t\t\t\t\t<div class=\"elementor-icon-wrapper\">\n\t\t\t<div class=\"elementor-icon\">\n\t\t\t<svg aria-hidden=\"true\" class=\"e-font-icon-svg e-fas-bahai\" viewBox=\"0 0 512 512\" xmlns=\"http:\/\/www.w3.org\/2000\/svg\"><path d=\"M496.25 202.52l-110-15.44 41.82-104.34c6.67-16.64-11.6-32.18-26.59-22.63L307.44 120 273.35 12.82C270.64 4.27 263.32 0 256 0c-7.32 0-14.64 4.27-17.35 12.82l-34.09 107.19-94.04-59.89c-14.99-9.55-33.25 5.99-26.59 22.63l41.82 104.34-110 15.43c-17.54 2.46-21.68 26.27-6.03 34.67l98.16 52.66-74.48 83.54c-10.92 12.25-1.72 30.93 13.29 30.93 1.31 0 2.67-.14 4.07-.45l108.57-23.65-4.11 112.55c-.43 11.65 8.87 19.22 18.41 19.22 5.15 0 10.39-2.21 14.2-7.18l68.18-88.9 68.18 88.9c3.81 4.97 9.04 7.18 14.2 7.18 9.54 0 18.84-7.57 18.41-19.22l-4.11-112.55 108.57 23.65c17.36 3.76 29.21-17.2 17.35-30.49l-74.48-83.54 98.16-52.66c15.64-8.39 11.5-32.2-6.04-34.66zM338.51 311.68l-51.89-11.3 1.97 53.79L256 311.68l-32.59 42.49 1.96-53.79-51.89 11.3 35.6-39.93-46.92-25.17 52.57-7.38-19.99-49.87 44.95 28.62L256 166.72l16.29 51.23 44.95-28.62-19.99 49.87 52.57 7.38-46.92 25.17 35.61 39.93z\"><\/path><\/svg>\t\t\t<\/div>\n\t\t<\/div>\n\t\t\t\t\t\t<\/div>\n\t\t\t\t<div class=\"elementor-element elementor-element-f19a8f1 elementor-align-center elementor-widget elementor-widget-button\" data-id=\"f19a8f1\" data-element_type=\"widget\" data-e-type=\"widget\" data-widget_type=\"button.default\">\n\t\t\t\t\t\t\t\t\t\t<a class=\"elementor-button elementor-button-link elementor-size-sm\" href=\"https:\/\/www.immocom.com\/wp-content\/uploads\/2025\/04\/IMMOCOM_Mediadaten2025_Event_Produktuebersicht.pdf\" target=\"_blank\">\n\t\t\t\t\t\t<span class=\"elementor-button-content-wrapper\">\n\t\t\t\t\t\t\t\t\t<span class=\"elementor-button-text\">Leistungen und Produkte<\/span>\n\t\t\t\t\t<\/span>\n\t\t\t\t\t<\/a>\n\t\t\t\t\t\t\t\t<\/div>\n\t\t\t\t<\/div>\n\t\t\t\t<\/div>\n\t\t\t\t\t<\/div>\n\t\t\t\t<\/div>\n\t\t\t\t<\/div>\n\t\t","protected":false},"excerpt":{"rendered":"<p>Real EstateMitteldeutschland By IMMOCOM 16.06.2026 | Einlass 08:15 Uhr | Beginn 09:00 Uhr |&nbsp;Kunstkraftwerk Leipzig Program 08:15\u00a0bis 09:00 Uhr &#8211; Einlass\u00a0 09:00 bis 10:00 Uhr &#8211; Auftakt Gru\u00dfwort:Ingo Seidemann, Stellvertretender Vorsitz BFW Landesverband Mitteldeutschland e.V.Podium:Stephan Jung, Experte f\u00fcr Innovation, Disruption &amp; Megatrends, Unternehmer &amp; DozentWeitere Teilnehmer werden zeitnah ver\u00f6ffentlicht. 10:00 bis 11:00 Uhr\u00a0&#8222;Finanzierung, Standort, Regulierung &#8230; <a title=\"REM Programm\" class=\"read-more\" href=\"https:\/\/immocom.de\/meet\/meet\/meet-programm\/\" aria-label=\"Mehr Informationen \u00fcber REM Programm\">Weiterlesen<\/a><\/p>\n","protected":false},"author":1,"featured_media":0,"parent":9,"menu_order":0,"comment_status":"closed","ping_status":"closed","template":"","meta":{"_acf_changed":false,"footnotes":""},"class_list":["post-194","page","type-page","status-publish"],"acf":[],"_links":{"self":[{"href":"https:\/\/immocom.de\/meet\/wp-json\/wp\/v2\/pages\/194","targetHints":{"allow":["GET"]}}],"collection":[{"href":"https:\/\/immocom.de\/meet\/wp-json\/wp\/v2\/pages"}],"about":[{"href":"https:\/\/immocom.de\/meet\/wp-json\/wp\/v2\/types\/page"}],"author":[{"embeddable":true,"href":"https:\/\/immocom.de\/meet\/wp-json\/wp\/v2\/users\/1"}],"replies":[{"embeddable":true,"href":"https:\/\/immocom.de\/meet\/wp-json\/wp\/v2\/comments?post=194"}],"version-history":[{"count":38,"href":"https:\/\/immocom.de\/meet\/wp-json\/wp\/v2\/pages\/194\/revisions"}],"predecessor-version":[{"id":1661,"href":"https:\/\/immocom.de\/meet\/wp-json\/wp\/v2\/pages\/194\/revisions\/1661"}],"up":[{"embeddable":true,"href":"https:\/\/immocom.de\/meet\/wp-json\/wp\/v2\/pages\/9"}],"wp:attachment":[{"href":"https:\/\/immocom.de\/meet\/wp-json\/wp\/v2\/media?parent=194"}],"curies":[{"name":"wp","href":"https:\/\/api.w.org\/{rel}","templated":true}]}}